{"id":2,"date":"2024-05-01T12:07:16","date_gmt":"2024-05-01T10:07:16","guid":{"rendered":"http:\/\/concordshs.eu\/?page_id=2"},"modified":"2025-09-09T13:41:15","modified_gmt":"2025-09-09T11:41:15","slug":"a-propos","status":"publish","type":"page","link":"https:\/\/concordshs.eu\/index.php\/a-propos\/","title":{"rendered":"A propos du projet"},"content":{"rendered":"\n<p>Le projet ConCoRD-SHS a \u00e9t\u00e9 initi\u00e9 en 2024 par des chercheurs et chercheuses de plusieurs universit\u00e9s, de plusieurs disciplines et de plusieurs statuts. Il a pour ambition de mettre en commun les recherches sur les conditions mat\u00e9rielles de r\u00e9alisation des doctorats en sciences humaines et sociales, dans diff\u00e9rentes disciplines et dans diff\u00e9rents pays. <\/p>\n\n\n\n<p>Pour cela, les participant\u00b7es ont r\u00e9alis\u00e9 une <strong><a href=\"https:\/\/concordshs.eu\/index.php\/revue-de-litterature\/\" data-type=\"page\" data-id=\"319\">revue collaborative de la litt\u00e9rature sur le sujet<\/a><\/strong>, s&#8217;int\u00e9ressant aux modalit\u00e9s de r\u00e9alisation des doctorats en fonction des disciplines, des sources de financement, des lieux de r\u00e9alisation, des conditions d&#8217;encadrement, etc. Cette revue de litt\u00e9rature, internationale et transdisciplinaire, permet d&#8217;identifier non seulement des enqu\u00eates ponctuelles et localis\u00e9es, mais aussi des analyses comparatives qui auraient \u00e9t\u00e9 r\u00e9alis\u00e9es ou sont en cours de r\u00e9alisation.<\/p>\n\n\n\n<p>Les r\u00e9sultats de ce travail et de l&#8217;identification des enqu\u00eates sur notre objet, ainsi que les r\u00e9flexions sur la poursuite de ces enqu\u00eates et leur articulation, ont fait l&#8217;objet d&#8217;un <a href=\"https:\/\/concordshs.eu\/index.php\/colloque_janvier_2025\/\" data-type=\"page\" data-id=\"96\"><strong>colloque international<\/strong> en janvier 2025<\/a>. Certaines communications sont disponibles \u00e0 la consultation. Dans le futur, nous souhaiterions publier les actes de ce colloque et les traduire afin de favoriser leur diffusion.<\/p>\n\n\n\n<p>Enfin, le projet mobilise un <strong><a href=\"https:\/\/concordshs.eu\/index.php\/equipe-et-partenaires\/\" data-type=\"page\" data-id=\"29\">r\u00e9seau de chercheurs et chercheuses<\/a><\/strong> que nous animons tout au long du projet, et qui pourra \u00eatre mobilis\u00e9 pour la production de nouvelles enqu\u00eates.<\/p>\n\n\n\n<blockquote class=\"wp-block-quote is-layout-flow wp-block-quote-is-layout-flow\">\n<p><strong>Calendrier indicatif<\/strong><\/p>\n\n\n\n<ul class=\"wp-block-list\">\n<li>Mars 2024 : R\u00e9union de lancement avec les porteur\u00b7ses de projet et partenaires<\/li>\n\n\n\n<li>Octobre 2024 : Publication de l\u2019appel \u00e0 communications pour le colloque international&nbsp;<\/li>\n\n\n\n<li>Janvier 2025 : Colloque international<\/li>\n\n\n\n<li>Mars 2025 : R\u00e9union de cl\u00f4ture.<\/li>\n\n\n\n<li>A venir : Publication de l&#8217;\u00e9tat de l&#8217;art<\/li>\n<\/ul>\n<\/blockquote>\n\n\n\n<p><strong>Pourquoi ce projet ? <\/strong><\/p>\n\n\n\n<p>Le projet ConCoRD-SHS interroge la r\u00e9alisation des doctorats en sciences humaines et sociales (SHS). Qu\u2019est-ce qui la permet ou la contraint ? Nous nous int\u00e9ressons aux dispositions des doctorant\u00b7es, \u00e0 leurs origines sociales et leurs trajectoires, \u00e0 leurs conditions pratiques de travail. A l\u2019heure o\u00f9 les modalit\u00e9s de financement et d\u2019emploi scientifiques \u00e9voluent, nous interrogeons comment se produit le \u201cbon doctorat\u201d, en termes de formation des chercheur\u00b7euses, d\u2019excellence scientifique, et de relations science\/soci\u00e9t\u00e9.<\/p>\n\n\n\n<p>Ce projet prend la suite de plusieurs efforts collectifs sur la production de la recherche en doctorat, par exemple dans le cadre des Cifre dans diff\u00e9rentes disciplines en SHS (<a href=\"https:\/\/hal.science\/hal-03420635\">de Feraudy et al, 2021<\/a>), les contraintes associ\u00e9es \u00e0 diff\u00e9rents contextes (\u201c<em><a href=\"https:\/\/idhes.parisnanterre.fr\/manifestations-scientifiques\/journees-detudes\/la-recherche-sous-contraintes\">La recherche sous contraintes<\/a><\/em>\u201d), les situations de pr\u00e9carit\u00e9 financi\u00e8re ou les conditions d\u2019encadrement et difficult\u00e9s rencontr\u00e9es par les directeur\u00b7trices.<\/p>\n\n\n\n<p>Lors du <a href=\"https:\/\/concordshs.eu\/wp-content\/uploads\/2025\/09\/CR-ST-AFS-2023-Produire-la-recherche-produire-des-chercheur\u00b7ses.pdf\">congr\u00e8s de l\u2019Association fran\u00e7aise de sociologie en 2023<\/a>, nous avons organis\u00e9 une session de travail pour constituer un groupe de recherche sur nos th\u00e9matiques communes, c\u2019est-\u00e0-dire les socialisations professionnelles et les formes d\u2019encadrement de la recherche en doctorat. Plusieurs objets ont \u00e9t\u00e9 discut\u00e9s :<\/p>\n\n\n\n<ul class=\"wp-block-list\">\n<li>les conditions de production scientifique en fonction des modalit\u00e9s de financement et d\u2019inscription organisationnelle de la recherche (contrat universitaire ou public, Cifre, contrat de droit priv\u00e9, non financement, etc.), ainsi que les d\u00e9terminants des parcours de recherche (pr\u00e9carit\u00e9 financi\u00e8re, de sant\u00e9, etc.) ;<\/li>\n\n\n\n<li>les formes d\u2019encadrement doctoral (s\u00e9minaires, \u00e9cole doctorale, CNU, COS, jurys et comit\u00e9s de suivi), les situations de concurrence d\u2019encadrement, ainsi que le r\u00f4le des groupes \u00e9lectifs (associations, collectifs, syndicats, projets de recherche \u201c\u00e0 c\u00f4t\u00e9\u201d&#8230;) dans la socialisation \u00e0 la recherche.<\/li>\n<\/ul>\n\n\n\n<p>Nous avons travaill\u00e9 sur ces objets \u00e0 c\u00f4t\u00e9 de nos th\u00e9matiques principales : nous souhaitons p\u00e9renniser ces travaux et les faire passer \u00e0 l\u2019\u00e9chelle sup\u00e9rieure. Ceci implique d\u2019approfondir leur dimension interdisciplinaire, en mobilisant la sociologie du travail et des institutions, celle des pratiques et politiques de l\u2019universit\u00e9, l\u2019histoire des configurations et des carri\u00e8res \u00e9tudiantes et professionnelles, le droit et la science politique pour comprendre les formes de r\u00e9gulation et le r\u00f4le des organisations militantes, entre autres. Cela signifie aussi permettre un \u00e9change avec des projets europ\u00e9ens et internationaux portant sur cet objet.<\/p>\n\n\n\n<p><strong>Pour en savoir plus, <a href=\"mailto:contact@concordshs.eu\" data-type=\"mailto\" data-id=\"mailto:contact@concordshs.eu\">contactez-nous<\/a> ! <\/strong><\/p>\n","protected":false},"excerpt":{"rendered":"<p>Le projet ConCoRD-SHS a \u00e9t\u00e9 initi\u00e9 en 2024 par des chercheurs et chercheuses de plusieurs universit\u00e9s, de plusieurs disciplines et de plusieurs statuts. Il a pour ambition de mettre en commun les recherches sur les conditions mat\u00e9rielles de r\u00e9alisation des doctorats en sciences humaines et sociales, dans diff\u00e9rentes disciplines et dans diff\u00e9rents pays. Pour cela, [&hellip;]<\/p>\n","protected":false},"author":1,"featured_media":0,"parent":0,"menu_order":0,"comment_status":"closed","ping_status":"closed","template":"","meta":{"footnotes":""},"class_list":["post-2","page","type-page","status-publish","hentry"],"_links":{"self":[{"href":"https:\/\/concordshs.eu\/index.php\/wp-json\/wp\/v2\/pages\/2","targetHints":{"allow":["GET"]}}],"collection":[{"href":"https:\/\/concordshs.eu\/index.php\/wp-json\/wp\/v2\/pages"}],"about":[{"href":"https:\/\/concordshs.eu\/index.php\/wp-json\/wp\/v2\/types\/page"}],"author":[{"embeddable":true,"href":"https:\/\/concordshs.eu\/index.php\/wp-json\/wp\/v2\/users\/1"}],"replies":[{"embeddable":true,"href":"https:\/\/concordshs.eu\/index.php\/wp-json\/wp\/v2\/comments?post=2"}],"version-history":[{"count":9,"href":"https:\/\/concordshs.eu\/index.php\/wp-json\/wp\/v2\/pages\/2\/revisions"}],"predecessor-version":[{"id":343,"href":"https:\/\/concordshs.eu\/index.php\/wp-json\/wp\/v2\/pages\/2\/revisions\/343"}],"wp:attachment":[{"href":"https:\/\/concordshs.eu\/index.php\/wp-json\/wp\/v2\/media?parent=2"}],"curies":[{"name":"wp","href":"https:\/\/api.w.org\/{rel}","templated":true}]}}